{"id":253,"date":"2025-02-08T17:20:50","date_gmt":"2025-02-08T16:20:50","guid":{"rendered":"https:\/\/pgv.pgik.se\/?page_id=253"},"modified":"2026-01-24T15:17:09","modified_gmt":"2026-01-24T14:17:09","slug":"tidigare-aktiviteter-2025","status":"publish","type":"page","link":"https:\/\/pgv.pgik.se\/index.php\/tidigare-aktiviteter-2025\/","title":{"rendered":"Aktiviteter 2025"},"content":{"rendered":"\n<h2 class=\"wp-block-heading\">Aktiviteter 2025<\/h2>\n\n\n\n<hr class=\"wp-block-separator has-alpha-channel-opacity\"\/>\n\n\n\n<div class=\"wp-block-media-text has-media-on-the-right is-stacked-on-mobile\"><div class=\"wp-block-media-text__content\">\n<p>M\u00e5ndagen <strong>24 november <\/strong>klockan 17.00 Inbjudan kommer under h\u00f6sten.<\/p>\n<\/div><figure class=\"wp-block-media-text__media\"><img loading=\"lazy\" decoding=\"async\" width=\"900\" height=\"630\" src=\"https:\/\/pgv.pgik.se\/wp-content\/uploads\/2025\/05\/Gamla-Riksarkivet.jpg\" alt=\"Bild fr\u00e5n Gamla Riksarkivets fantastiska julbord\" class=\"wp-image-396 size-full\" srcset=\"https:\/\/pgv.pgik.se\/wp-content\/uploads\/2025\/05\/Gamla-Riksarkivet.jpg 900w, https:\/\/pgv.pgik.se\/wp-content\/uploads\/2025\/05\/Gamla-Riksarkivet-300x210.jpg 300w, https:\/\/pgv.pgik.se\/wp-content\/uploads\/2025\/05\/Gamla-Riksarkivet-768x538.jpg 768w\" sizes=\"auto, (max-width: 900px) 100vw, 900px\" \/><\/figure><\/div>\n\n\n\n<hr class=\"wp-block-separator has-alpha-channel-opacity\"\/>\n\n\n\n<div class=\"wp-block-media-text is-stacked-on-mobile\"><figure class=\"wp-block-media-text__media\"><img loading=\"lazy\" decoding=\"async\" width=\"1024\" height=\"576\" src=\"https:\/\/pgv.pgik.se\/wp-content\/uploads\/2025\/08\/konstvisning_riksdagshuset-1024x576.jpg\" alt=\"Bild p\u00e5 riksdagshuset\" class=\"wp-image-416 size-full\" srcset=\"https:\/\/pgv.pgik.se\/wp-content\/uploads\/2025\/08\/konstvisning_riksdagshuset-1024x576.jpg 1024w, https:\/\/pgv.pgik.se\/wp-content\/uploads\/2025\/08\/konstvisning_riksdagshuset-300x169.jpg 300w, https:\/\/pgv.pgik.se\/wp-content\/uploads\/2025\/08\/konstvisning_riksdagshuset-768x432.jpg 768w, https:\/\/pgv.pgik.se\/wp-content\/uploads\/2025\/08\/konstvisning_riksdagshuset.jpg 1120w\" sizes=\"auto, (max-width: 1024px) 100vw, 1024px\" \/><\/figure><div class=\"wp-block-media-text__content\">\n<p>Konstvisning i Riksdagshuset<\/p>\n\n\n\n<p>M\u00e5ndag <strong>17:e november<\/strong> klockan 16:00. <a href=\"https:\/\/pgv.pgik.se\/index.php\/konstvisning\/\" data-type=\"page\" data-id=\"434\">Mer information<\/a>.<\/p>\n<\/div><\/div>\n\n\n\n<hr class=\"wp-block-separator has-alpha-channel-opacity\"\/>\n\n\n\n<div class=\"wp-block-media-text has-media-on-the-right is-stacked-on-mobile\"><div class=\"wp-block-media-text__content\">\n<p>Magnus Uggla &nbsp;&#8211; Favorit i repris<\/p>\n\n\n\n<p>G\u00f6ta Lejon torsdagen <strong>23 oktober <\/strong>kl 20.00. Ingen middag denna g\u00e5ng.<\/p>\n<\/div><figure class=\"wp-block-media-text__media\"><img loading=\"lazy\" decoding=\"async\" width=\"1024\" height=\"576\" src=\"https:\/\/pgv.pgik.se\/wp-content\/uploads\/2025\/02\/Magnus-Uggla-1024x576.jpg\" alt=\"Bild p\u00e5 Magnus Uggla, 50 \u00e5r p\u00e5 tronen\" class=\"wp-image-256 size-full\" srcset=\"https:\/\/pgv.pgik.se\/wp-content\/uploads\/2025\/02\/Magnus-Uggla-1024x576.jpg 1024w, https:\/\/pgv.pgik.se\/wp-content\/uploads\/2025\/02\/Magnus-Uggla-300x169.jpg 300w, https:\/\/pgv.pgik.se\/wp-content\/uploads\/2025\/02\/Magnus-Uggla-768x432.jpg 768w, https:\/\/pgv.pgik.se\/wp-content\/uploads\/2025\/02\/Magnus-Uggla.jpg 1200w\" sizes=\"auto, (max-width: 1024px) 100vw, 1024px\" \/><\/figure><\/div>\n\n\n\n<hr class=\"wp-block-separator has-alpha-channel-opacity\"\/>\n\n\n\n<div class=\"wp-block-media-text is-stacked-on-mobile\"><figure class=\"wp-block-media-text__media\"><img loading=\"lazy\" decoding=\"async\" width=\"1024\" height=\"683\" src=\"https:\/\/pgv.pgik.se\/wp-content\/uploads\/2025\/04\/Ranas_slott-1024x683.jpg\" alt=\"Bild p\u00e5 R\u00e5n\u00e4s Slott\" class=\"wp-image-340 size-full\" srcset=\"https:\/\/pgv.pgik.se\/wp-content\/uploads\/2025\/04\/Ranas_slott-1024x683.jpg 1024w, https:\/\/pgv.pgik.se\/wp-content\/uploads\/2025\/04\/Ranas_slott-300x200.jpg 300w, https:\/\/pgv.pgik.se\/wp-content\/uploads\/2025\/04\/Ranas_slott-768x512.jpg 768w, https:\/\/pgv.pgik.se\/wp-content\/uploads\/2025\/04\/Ranas_slott-1536x1024.jpg 1536w, https:\/\/pgv.pgik.se\/wp-content\/uploads\/2025\/04\/Ranas_slott-370x247.jpg 370w, https:\/\/pgv.pgik.se\/wp-content\/uploads\/2025\/04\/Ranas_slott-776x517.jpg 776w, https:\/\/pgv.pgik.se\/wp-content\/uploads\/2025\/04\/Ranas_slott.jpg 1920w\" sizes=\"auto, (max-width: 1024px) 100vw, 1024px\" \/><\/figure><div class=\"wp-block-media-text__content\">\n<p><strong>26-27 september<\/strong> Slottsweekend p\u00e5 R\u00e5n\u00e4s slott.<\/p>\n<\/div><\/div>\n\n\n\n<hr class=\"wp-block-separator has-alpha-channel-opacity\"\/>\n\n\n\n<div class=\"wp-block-media-text has-media-on-the-right is-stacked-on-mobile\"><div class=\"wp-block-media-text__content\">\n<p><strong>S\u00f6ndag 24 augusti kl 15.30 \u2013 onsdag 27 augusti <\/strong>kl 14.30 kryssning fr\u00e5n Stockholm med M\/S Birka Gotland till Visby och Bornholm. Endast dubbelhytter har erbjudits av rederiet \u00e4n s\u00e5 l\u00e4nge, s\u00e5 bra att fundera p\u00e5 l\u00e4mpligt ress\u00e4llskap. <\/p>\n\n\n\n<div class=\"wp-block-file\"><a id=\"wp-block-file--media-6cdf25a0-1333-4194-a9f6-ef2b4d9638fd\" href=\"https:\/\/pgv.pgik.se\/wp-content\/uploads\/2025\/06\/Kryssning-till-Bornholm-och-Visby-24-27-augusti.pdf\" target=\"_blank\" rel=\"noreferrer noopener\">L\u00e4s mer (i pdf-format)<\/a><\/div>\n<\/div><figure class=\"wp-block-media-text__media\"><img loading=\"lazy\" decoding=\"async\" width=\"299\" height=\"169\" src=\"https:\/\/pgv.pgik.se\/wp-content\/uploads\/2025\/02\/ms-birka-gotland.jpeg\" alt=\"\" class=\"wp-image-260 size-full\"\/><\/figure><\/div>\n\n\n\n<hr class=\"wp-block-separator has-alpha-channel-opacity\"\/>\n\n\n\n<div class=\"wp-block-media-text is-stacked-on-mobile\"><figure class=\"wp-block-media-text__media\"><img loading=\"lazy\" decoding=\"async\" width=\"720\" height=\"405\" src=\"https:\/\/pgv.pgik.se\/wp-content\/uploads\/2025\/04\/confidencen-opera.jpg\" alt=\"\" class=\"wp-image-339 size-full\" srcset=\"https:\/\/pgv.pgik.se\/wp-content\/uploads\/2025\/04\/confidencen-opera.jpg 720w, https:\/\/pgv.pgik.se\/wp-content\/uploads\/2025\/04\/confidencen-opera-300x169.jpg 300w\" sizes=\"auto, (max-width: 720px) 100vw, 720px\" \/><\/figure><div class=\"wp-block-media-text__content\">\n<p><strong>Onsdagen 30 juli<\/strong> Operakryssning fr\u00e5n Str\u00f6mkajen till Confidencen, Ulriksdals slottsteater. <\/p>\n\n\n\n<p><a href=\"https:\/\/pgv.pgik.se\/index.php\/operakryssning-confidencen-ulriksdals-slottsteater\/\" data-type=\"page\" data-id=\"372\">L\u00e4s mer<\/a><\/p>\n<\/div><\/div>\n\n\n\n<hr class=\"wp-block-separator has-alpha-channel-opacity\"\/>\n\n\n\n<div class=\"wp-block-media-text has-media-on-the-right is-stacked-on-mobile\"><div class=\"wp-block-media-text__content\">\n<p><strong>L\u00f6rdag 28 juni<\/strong> Tusen \u00f6ars kryssning med Str\u00f6mma&nbsp;kanalbolaget. Heldagskryssning med m\u00e5ltider i Stockholms sk\u00e4rg\u00e5rd<\/p>\n\n\n\n<p><a href=\"https:\/\/pgv.pgik.se\/index.php\/tusen-oars-kryssning\/\" data-type=\"page\" data-id=\"355\">L\u00e4s mer<\/a><\/p>\n<\/div><figure class=\"wp-block-media-text__media\"><img loading=\"lazy\" decoding=\"async\" width=\"270\" height=\"187\" src=\"https:\/\/pgv.pgik.se\/wp-content\/uploads\/2025\/02\/tusen_oars_kryssning.jpeg\" alt=\"\" class=\"wp-image-259 size-full\"\/><\/figure><\/div>\n\n\n\n<hr class=\"wp-block-separator has-alpha-channel-opacity\"\/>\n\n\n\n<div class=\"wp-block-media-text is-stacked-on-mobile\"><figure class=\"wp-block-media-text__media\"><img loading=\"lazy\" decoding=\"async\" width=\"1024\" height=\"677\" src=\"https:\/\/pgv.pgik.se\/wp-content\/uploads\/2025\/02\/hollandska_soeer_vandring-1024x677.png\" alt=\"Bild p\u00e5 vandring i holl\u00e4ndska s\u00f6der\" class=\"wp-image-258 size-full\" srcset=\"https:\/\/pgv.pgik.se\/wp-content\/uploads\/2025\/02\/hollandska_soeer_vandring-1024x677.png 1024w, https:\/\/pgv.pgik.se\/wp-content\/uploads\/2025\/02\/hollandska_soeer_vandring-300x198.png 300w, https:\/\/pgv.pgik.se\/wp-content\/uploads\/2025\/02\/hollandska_soeer_vandring-768x508.png 768w, https:\/\/pgv.pgik.se\/wp-content\/uploads\/2025\/02\/hollandska_soeer_vandring.png 1183w\" sizes=\"auto, (max-width: 1024px) 100vw, 1024px\" \/><\/figure><div class=\"wp-block-media-text__content\">\n<p><strong>Torsdag 15 maj<\/strong> kl 15 &#8217;Vandring i det holl\u00e4ndska S\u00f6der&#8217; med gemensam middag.<\/p>\n\n\n\n<p><a href=\"https:\/\/pgv.pgik.se\/index.php\/historisk-vandring-i-de-hollandska-soder\/\" data-type=\"page\" data-id=\"362\">L\u00e4s mer<\/a><\/p>\n<\/div><\/div>\n\n\n\n<hr class=\"wp-block-separator has-alpha-channel-opacity\"\/>\n\n\n\n<div class=\"wp-block-media-text has-media-on-the-right is-stacked-on-mobile\"><div class=\"wp-block-media-text__content\">\n<p>F\u00f6redrag om betalningsmarknaden i f\u00f6r\u00e4ndring &#8211; 100 \u00e5r sedan Postgirot grundades. <strong>Tisdagen 8 april<\/strong> kl 18-20. L\u00e4ttare f\u00f6rt\u00e4ring och dryck i Nordeas H\u00f6rsal p\u00e5 Sm\u00e5landsgatan.<\/p>\n<\/div><figure class=\"wp-block-media-text__media\"><img loading=\"lazy\" decoding=\"async\" width=\"1024\" height=\"538\" src=\"https:\/\/pgv.pgik.se\/wp-content\/uploads\/2025\/03\/betalningsmarknaden-1024x538.png\" alt=\"\" class=\"wp-image-335 size-full\" srcset=\"https:\/\/pgv.pgik.se\/wp-content\/uploads\/2025\/03\/betalningsmarknaden-1024x538.png 1024w, https:\/\/pgv.pgik.se\/wp-content\/uploads\/2025\/03\/betalningsmarknaden-300x158.png 300w, https:\/\/pgv.pgik.se\/wp-content\/uploads\/2025\/03\/betalningsmarknaden-768x403.png 768w, https:\/\/pgv.pgik.se\/wp-content\/uploads\/2025\/03\/betalningsmarknaden.png 1200w\" sizes=\"auto, (max-width: 1024px) 100vw, 1024px\" \/><\/figure><\/div>\n\n\n\n<hr class=\"wp-block-separator has-alpha-channel-opacity\"\/>\n\n\n\n<div class=\"wp-block-media-text is-stacked-on-mobile\"><figure class=\"wp-block-media-text__media\"><img loading=\"lazy\" decoding=\"async\" width=\"1024\" height=\"576\" src=\"https:\/\/pgv.pgik.se\/wp-content\/uploads\/2025\/02\/Magnus-Uggla-1024x576.jpg\" alt=\"Bild p\u00e5 Magnus Uggla, 50 \u00e5r p\u00e5 tronen\" class=\"wp-image-256 size-full\" srcset=\"https:\/\/pgv.pgik.se\/wp-content\/uploads\/2025\/02\/Magnus-Uggla-1024x576.jpg 1024w, https:\/\/pgv.pgik.se\/wp-content\/uploads\/2025\/02\/Magnus-Uggla-300x169.jpg 300w, https:\/\/pgv.pgik.se\/wp-content\/uploads\/2025\/02\/Magnus-Uggla-768x432.jpg 768w, https:\/\/pgv.pgik.se\/wp-content\/uploads\/2025\/02\/Magnus-Uggla.jpg 1200w\" sizes=\"auto, (max-width: 1024px) 100vw, 1024px\" \/><\/figure><div class=\"wp-block-media-text__content\">\n<p><strong>Torsdag 27 mars <\/strong>2025 kl 20 Magnus Uggla p\u00e5 G\u00f6ta Lejon klockan 20.00. Ingen middag planerad denna g\u00e5ng.<\/p>\n<\/div><\/div>\n\n\n\n<hr class=\"wp-block-separator has-alpha-channel-opacity\"\/>\n\n\n\n<div class=\"wp-block-media-text has-media-on-the-right is-stacked-on-mobile\"><div class=\"wp-block-media-text__content\">\n<p>\u00c5rsm\u00f6te <strong>torsdagen<\/strong> <strong>20 mars<\/strong> kl 17, IVA konferenscenter Grev Turegatan 16.<\/p>\n<\/div><figure class=\"wp-block-media-text__media\"><img loading=\"lazy\" decoding=\"async\" width=\"1001\" height=\"667\" src=\"https:\/\/pgv.pgik.se\/wp-content\/uploads\/2025\/01\/arsmote.jpeg\" alt=\"Bild p\u00e5 ordf\u00f6randeklubba\" class=\"wp-image-73 size-full\" srcset=\"https:\/\/pgv.pgik.se\/wp-content\/uploads\/2025\/01\/arsmote.jpeg 1001w, https:\/\/pgv.pgik.se\/wp-content\/uploads\/2025\/01\/arsmote-300x200.jpeg 300w, https:\/\/pgv.pgik.se\/wp-content\/uploads\/2025\/01\/arsmote-768x512.jpeg 768w, https:\/\/pgv.pgik.se\/wp-content\/uploads\/2025\/01\/arsmote-370x247.jpeg 370w, https:\/\/pgv.pgik.se\/wp-content\/uploads\/2025\/01\/arsmote-776x517.jpeg 776w\" sizes=\"auto, (max-width: 1001px) 100vw, 1001px\" \/><\/figure><\/div>\n\n\n\n<hr class=\"wp-block-separator has-alpha-channel-opacity\"\/>\n\n\n\n<div class=\"wp-block-media-text is-stacked-on-mobile\"><figure class=\"wp-block-media-text__media\"><img loading=\"lazy\" decoding=\"async\" width=\"1024\" height=\"538\" src=\"https:\/\/pgv.pgik.se\/wp-content\/uploads\/2025\/01\/dreamgirls3-1024x538.webp\" alt=\"Bild p\u00e5 Dreamgirls\" class=\"wp-image-77 size-full\" srcset=\"https:\/\/pgv.pgik.se\/wp-content\/uploads\/2025\/01\/dreamgirls3-1024x538.webp 1024w, https:\/\/pgv.pgik.se\/wp-content\/uploads\/2025\/01\/dreamgirls3-300x158.webp 300w, https:\/\/pgv.pgik.se\/wp-content\/uploads\/2025\/01\/dreamgirls3-768x403.webp 768w, https:\/\/pgv.pgik.se\/wp-content\/uploads\/2025\/01\/dreamgirls3.webp 1200w\" sizes=\"auto, (max-width: 1024px) 100vw, 1024px\" \/><\/figure><div class=\"wp-block-media-text__content\">\n<p>Dreamgirls p\u00e5 Chinateatern <strong>l\u00f6rdagen<\/strong> <strong>25 januari <\/strong>kl 15 med efterf\u00f6ljande 3-r\u00e4ttersmiddag p\u00e5 Berns.<\/p>\n<\/div><\/div>\n\n\n\n<hr class=\"wp-block-separator has-alpha-channel-opacity\"\/>\n\n\n\n<ul class=\"wp-block-list\">\n<li><a href=\"https:\/\/pgv.pgik.se\/index.php\/aktiviteter-2\/\" data-type=\"page\" data-id=\"41\">Se kommande aktiviteter<\/a><\/li>\n\n\n\n<li><a href=\"https:\/\/pgv.pgik.se\/index.php\/aktiviteter-2024\/\">Se aktiviteterna f\u00f6r 2024<\/a><\/li>\n\n\n\n<li><a href=\"https:\/\/pgv.pgik.se\/index.php\/aktiviteter-2023\/\">Se aktiviteterna f\u00f6r 2023<\/a><\/li>\n<\/ul>\n\n\n\n<p><\/p>\n","protected":false},"excerpt":{"rendered":"<p>Aktiviteter 2025 M\u00e5ndagen 24 november klockan 17.00 Inbjudan kommer under &hellip; <\/p>\n","protected":false},"author":1,"featured_media":340,"parent":0,"menu_order":0,"comment_status":"closed","ping_status":"closed","template":"","meta":{"footnotes":""},"class_list":["post-253","page","type-page","status-publish","has-post-thumbnail","hentry"],"_links":{"self":[{"href":"https:\/\/pgv.pgik.se\/index.php\/wp-json\/wp\/v2\/pages\/253","targetHints":{"allow":["GET"]}}],"collection":[{"href":"https:\/\/pgv.pgik.se\/index.php\/wp-json\/wp\/v2\/pages"}],"about":[{"href":"https:\/\/pgv.pgik.se\/index.php\/wp-json\/wp\/v2\/types\/page"}],"author":[{"embeddable":true,"href":"https:\/\/pgv.pgik.se\/index.php\/wp-json\/wp\/v2\/users\/1"}],"replies":[{"embeddable":true,"href":"https:\/\/pgv.pgik.se\/index.php\/wp-json\/wp\/v2\/comments?post=253"}],"version-history":[{"count":17,"href":"https:\/\/pgv.pgik.se\/index.php\/wp-json\/wp\/v2\/pages\/253\/revisions"}],"predecessor-version":[{"id":487,"href":"https:\/\/pgv.pgik.se\/index.php\/wp-json\/wp\/v2\/pages\/253\/revisions\/487"}],"wp:featuredmedia":[{"embeddable":true,"href":"https:\/\/pgv.pgik.se\/index.php\/wp-json\/wp\/v2\/media\/340"}],"wp:attachment":[{"href":"https:\/\/pgv.pgik.se\/index.php\/wp-json\/wp\/v2\/media?parent=253"}],"curies":[{"name":"wp","href":"https:\/\/api.w.org\/{rel}","templated":true}]}}