{"id":41,"date":"2025-01-04T00:14:23","date_gmt":"2025-01-03T23:14:23","guid":{"rendered":"https:\/\/pgv.pgik.se\/?page_id=41"},"modified":"2026-04-30T15:04:48","modified_gmt":"2026-04-30T13:04:48","slug":"aktiviteter-2","status":"publish","type":"page","link":"https:\/\/pgv.pgik.se\/index.php\/aktiviteter-2\/","title":{"rendered":"Aktiviteter"},"content":{"rendered":"\n<hr class=\"wp-block-separator has-alpha-channel-opacity\"\/>\n\n\n\n<div class=\"wp-block-media-text has-media-on-the-right is-stacked-on-mobile\"><div class=\"wp-block-media-text__content\">\n<p>Bubbelprovning p\u00e5 Stockholms vink\u00e4llare p\u00e5 D\u00f6belnsgatan.<\/p>\n\n\n\n<p>Inst\u00e4lld pga beslut p\u00e5 \u00e5rsm\u00f6tet om f\u00e4rre aktiviteter under \u00e5ret. F\u00f6rhoppningsvis \u00e5terkommer vi till n\u00e4sta \u00e5r.<\/p>\n<\/div><figure class=\"wp-block-media-text__media\"><img loading=\"lazy\" decoding=\"async\" width=\"1024\" height=\"576\" src=\"https:\/\/pgv.pgik.se\/wp-content\/uploads\/2026\/02\/bubbelprovning-1024x576.webp\" alt=\"\" class=\"wp-image-529 size-full\" srcset=\"https:\/\/pgv.pgik.se\/wp-content\/uploads\/2026\/02\/bubbelprovning-1024x576.webp 1024w, https:\/\/pgv.pgik.se\/wp-content\/uploads\/2026\/02\/bubbelprovning-300x169.webp 300w, https:\/\/pgv.pgik.se\/wp-content\/uploads\/2026\/02\/bubbelprovning-768x432.webp 768w, https:\/\/pgv.pgik.se\/wp-content\/uploads\/2026\/02\/bubbelprovning-1536x864.webp 1536w, https:\/\/pgv.pgik.se\/wp-content\/uploads\/2026\/02\/bubbelprovning.webp 1920w\" sizes=\"auto, (max-width: 1024px) 100vw, 1024px\" \/><\/figure><\/div>\n\n\n\n<hr class=\"wp-block-separator has-alpha-channel-opacity\"\/>\n\n\n\n<div class=\"wp-block-media-text is-stacked-on-mobile\"><figure class=\"wp-block-media-text__media\"><img loading=\"lazy\" decoding=\"async\" width=\"286\" height=\"234\" src=\"https:\/\/pgv.pgik.se\/wp-content\/uploads\/2025\/12\/gota_kanal.png\" alt=\"\" class=\"wp-image-448 size-full\"\/><\/figure><div class=\"wp-block-media-text__content\">\n<p><strong>G\u00f6ta kanal &amp; L\u00f6fstad slott 26-27 juni<\/strong><\/p>\n\n\n\n<p>Fredagen <strong>26 juni <\/strong>\u00e5ker vi p\u00e5 G\u00f6ta kanal och \u00f6vernattar i Link\u00f6ping. P\u00e5 l\u00f6rdagen bes\u00f6ker vi Tr\u00e4dg\u00e5rdsf\u00f6reningen och L\u00f6fstad slott p\u00e5 v\u00e4gen hem. <\/p>\n\n\n\n<div class=\"wp-block-file\"><a id=\"wp-block-file--media-64f0a21b-fefd-4a51-ba52-121aef01e750\" href=\"https:\/\/pgv.pgik.se\/wp-content\/uploads\/2026\/04\/Gota-kanal.pdf\">L\u00e4s mer (i pdf-format)<\/a><\/div>\n<\/div><\/div>\n\n\n\n<hr class=\"wp-block-separator has-alpha-channel-opacity\"\/>\n\n\n\n<div class=\"wp-block-media-text has-media-on-the-right is-stacked-on-mobile\"><div class=\"wp-block-media-text__content\">\n<p><strong>Kryssning till H\u00f6ga kusten 27 &#8211; 29 septe<\/strong><strong>mber&nbsp;<\/strong><\/p>\n\n\n\n<p>F\u00f6lj med p\u00e5 en kryssning till H\u00f6ga kusten med M\/S Birka Gotland! Det \u00e4r en tredagarstur med ett stopp i H\u00e4rn\u00f6sand. Tillsammans f\u00e5r njuta av samvaro ombord och en utflykt i H\u00e4rn\u00f6sand.<\/p>\n\n\n\n<p>P\u00e5 denna tur kan du ta med din maka\/make eller en v\u00e4n om du vill det. Den som inte \u00e4r PGV-medlem f\u00e5r betala fullt pris f\u00f6r resan.<\/p>\n\n\n\n<p>Du hittar info om resan h\u00e4r&nbsp;&nbsp;<a href=\"https:\/\/www.vikingline.se\/destinationer\/hoga-kusten\/\" target=\"_blank\" rel=\"noreferrer noopener\">https:\/\/www.vikingline.se\/destinationer\/hoga-kusten\/<\/a>&nbsp;Mer detaljerad info om v\u00e5r resa och inbjudan kommer senare.<\/p>\n<\/div><figure class=\"wp-block-media-text__media\"><img loading=\"lazy\" decoding=\"async\" width=\"299\" height=\"169\" src=\"https:\/\/pgv.pgik.se\/wp-content\/uploads\/2025\/02\/ms-birka-gotland.jpeg\" alt=\"Kryssning till Gotland och H\u00f6ga kusten\" class=\"wp-image-260 size-full\"\/><\/figure><\/div>\n\n\n\n<hr class=\"wp-block-separator has-alpha-channel-opacity\"\/>\n\n\n\n<div class=\"wp-block-media-text is-stacked-on-mobile\"><figure class=\"wp-block-media-text__media\"><img loading=\"lazy\" decoding=\"async\" width=\"1024\" height=\"1024\" src=\"https:\/\/pgv.pgik.se\/wp-content\/uploads\/2026\/03\/chicago-1024x1024.jpg\" alt=\"\" class=\"wp-image-554 size-full\" srcset=\"https:\/\/pgv.pgik.se\/wp-content\/uploads\/2026\/03\/chicago-1024x1024.jpg 1024w, https:\/\/pgv.pgik.se\/wp-content\/uploads\/2026\/03\/chicago-300x300.jpg 300w, https:\/\/pgv.pgik.se\/wp-content\/uploads\/2026\/03\/chicago-150x150.jpg 150w, https:\/\/pgv.pgik.se\/wp-content\/uploads\/2026\/03\/chicago-768x768.jpg 768w, https:\/\/pgv.pgik.se\/wp-content\/uploads\/2026\/03\/chicago-1536x1536.jpg 1536w, https:\/\/pgv.pgik.se\/wp-content\/uploads\/2026\/03\/chicago.avif 1920w\" sizes=\"auto, (max-width: 1024px) 100vw, 1024px\" \/><\/figure><div class=\"wp-block-media-text__content\">\n<p><strong>Chicago p\u00e5 Oscarsteatern<br>Torsdag 29 oktober 2026 kl 19.30<\/strong><\/p>\n\n\n\n<p>Den v\u00e4rldsber\u00f6mda musikalen Chicago i regi av Edward af Sill\u00e9n. I huvudrollerna Peter J\u00f6back, Hanna och Ellen Lindblad. Vi bjuds p\u00e5 en glittrande musikalupplevelse fylld av jazz, 1920-talsglamour och spektakul\u00e4ra shownummer. <\/p>\n\n\n\n<p>Chicago \u00e4r en prisbel\u00f6nt Broadway-klassiker d\u00e4r mord, ber\u00f6mmelse och showbusiness m\u00f6ts i en sylvass och underh\u00e5llande satir. Mer info kommer.<\/p>\n\n\n\n<p><\/p>\n<\/div><\/div>\n\n\n\n<hr class=\"wp-block-separator has-alpha-channel-opacity\"\/>\n\n\n\n<h2 class=\"wp-block-heading\">Kommande aktivitet 2027<\/h2>\n\n\n\n<div class=\"wp-block-media-text has-media-on-the-right is-stacked-on-mobile\"><div class=\"wp-block-media-text__content\">\n<p><strong>Jesus Christ Superstar p\u00e5<br>Stadsteatern<\/strong><br>Torsdag <strong>21 januari <\/strong>2027 kl 19.00.<\/p>\n\n\n\n<p>Andrew Lloyd Webbers och Tim Rices<br>\u00e4lskade rockmusikal. Om hur en gr\u00e4srotsr\u00f6relse skakar maktens<br>grepp om m\u00e4nniskorna. D\u00e4r v\u00e4gen till korsf\u00e4stelsen formas av kampen mellan ljus och m\u00f6rker. Ett drama pr\u00e4glat av tro, tvivel och makt. I rollerna ser vi bland andra Alexander Lycke, Fredrik Lycke, Marsha Songcome och Magnus Uggla.<br>Mer info kommer.<\/p>\n<\/div><figure class=\"wp-block-media-text__media\"><img loading=\"lazy\" decoding=\"async\" width=\"1024\" height=\"683\" src=\"https:\/\/pgv.pgik.se\/wp-content\/uploads\/2026\/03\/jesus-christ-superstar-1024x683.jpg\" alt=\"\" class=\"wp-image-553 size-full\" srcset=\"https:\/\/pgv.pgik.se\/wp-content\/uploads\/2026\/03\/jesus-christ-superstar-1024x683.jpg 1024w, https:\/\/pgv.pgik.se\/wp-content\/uploads\/2026\/03\/jesus-christ-superstar-300x200.jpg 300w, https:\/\/pgv.pgik.se\/wp-content\/uploads\/2026\/03\/jesus-christ-superstar-768x512.jpg 768w, https:\/\/pgv.pgik.se\/wp-content\/uploads\/2026\/03\/jesus-christ-superstar-1536x1024.jpg 1536w, https:\/\/pgv.pgik.se\/wp-content\/uploads\/2026\/03\/jesus-christ-superstar-2048x1366.jpg 2048w, https:\/\/pgv.pgik.se\/wp-content\/uploads\/2026\/03\/jesus-christ-superstar-370x247.jpg 370w, https:\/\/pgv.pgik.se\/wp-content\/uploads\/2026\/03\/jesus-christ-superstar-776x517.jpg 776w\" sizes=\"auto, (max-width: 1024px) 100vw, 1024px\" \/><\/figure><\/div>\n\n\n\n<hr class=\"wp-block-separator has-alpha-channel-opacity\"\/>\n\n\n\n<h2 class=\"wp-block-heading\">Regler<\/h2>\n\n\n\n<p><a href=\"https:\/\/pgv.pgik.se\/index.php\/regler-for-aktiviteter-i-postgirots-vanner\/\" data-type=\"page\" data-id=\"291\">Regler f\u00f6r aktiviteter<\/a><\/p>\n\n\n\n<hr class=\"wp-block-separator has-alpha-channel-opacity\"\/>\n\n\n\n<h2 class=\"wp-block-heading\">Tidigare aktiviteter<\/h2>\n\n\n\n<ul class=\"wp-block-list\">\n<li><a href=\"https:\/\/pgv.pgik.se\/index.php\/aktiviteter-2026\/\" data-type=\"page\" data-id=\"484\">Se tidigare aktiviteter 2026<\/a><\/li>\n\n\n\n<li><a href=\"https:\/\/pgv.pgik.se\/index.php\/tidigare-aktiviteter-2025\/\" data-type=\"page\" data-id=\"253\">Se aktiviteterna f\u00f6r 2025<\/a><\/li>\n\n\n\n<li><a href=\"https:\/\/pgv.pgik.se\/index.php\/aktiviteter-2024\/\" data-type=\"page\" data-id=\"55\">Se aktiviteterna f\u00f6r 2024<\/a><\/li>\n\n\n\n<li><a href=\"https:\/\/pgv.pgik.se\/index.php\/aktiviteter-2023\/\" data-type=\"page\" data-id=\"149\">Se aktiviteterna f\u00f6r 2023<\/a><\/li>\n<\/ul>\n\n\n\n<hr class=\"wp-block-separator has-alpha-channel-opacity\"\/>\n\n\n\n<p><\/p>\n","protected":false},"excerpt":{"rendered":"<p>Bubbelprovning p\u00e5 Stockholms vink\u00e4llare p\u00e5 D\u00f6belnsgatan. Inst\u00e4lld pga beslut p\u00e5 &hellip; <\/p>\n","protected":false},"author":1,"featured_media":166,"parent":0,"menu_order":0,"comment_status":"closed","ping_status":"closed","template":"","meta":{"footnotes":""},"class_list":["post-41","page","type-page","status-publish","has-post-thumbnail","hentry"],"_links":{"self":[{"href":"https:\/\/pgv.pgik.se\/index.php\/wp-json\/wp\/v2\/pages\/41","targetHints":{"allow":["GET"]}}],"collection":[{"href":"https:\/\/pgv.pgik.se\/index.php\/wp-json\/wp\/v2\/pages"}],"about":[{"href":"https:\/\/pgv.pgik.se\/index.php\/wp-json\/wp\/v2\/types\/page"}],"author":[{"embeddable":true,"href":"https:\/\/pgv.pgik.se\/index.php\/wp-json\/wp\/v2\/users\/1"}],"replies":[{"embeddable":true,"href":"https:\/\/pgv.pgik.se\/index.php\/wp-json\/wp\/v2\/comments?post=41"}],"version-history":[{"count":85,"href":"https:\/\/pgv.pgik.se\/index.php\/wp-json\/wp\/v2\/pages\/41\/revisions"}],"predecessor-version":[{"id":586,"href":"https:\/\/pgv.pgik.se\/index.php\/wp-json\/wp\/v2\/pages\/41\/revisions\/586"}],"wp:featuredmedia":[{"embeddable":true,"href":"https:\/\/pgv.pgik.se\/index.php\/wp-json\/wp\/v2\/media\/166"}],"wp:attachment":[{"href":"https:\/\/pgv.pgik.se\/index.php\/wp-json\/wp\/v2\/media?parent=41"}],"curies":[{"name":"wp","href":"https:\/\/api.w.org\/{rel}","templated":true}]}}